{"id":1447,"date":"2023-08-30T13:59:18","date_gmt":"2023-08-30T16:59:18","guid":{"rendered":"https:\/\/voix.capitaineweb.ca\/?page_id=1447"},"modified":"2023-10-02T13:43:06","modified_gmt":"2023-10-02T16:43:06","slug":"album-photos","status":"publish","type":"page","link":"https:\/\/lesvoixdacadie.com\/en\/album-photos\/","title":{"rendered":"Photo album"},"content":{"rendered":"<div data-elementor-type=\"wp-page\" data-elementor-id=\"1447\" class=\"elementor elementor-1447\" data-elementor-post-type=\"page\">\n\t\t\t\t\t\t<section class=\"ob-is-breaking-bad elementor-section elementor-top-section elementor-element elementor-element-99c27af elementor-section-full_width elementor-section-height-min-height elementor-section-items-top elementor-section-height-default\" data-id=\"99c27af\" data-element_type=\"section\" data-e-type=\"section\" data-settings=\"{&quot;background_background&quot;:&quot;classic&quot;,&quot;jet_parallax_layout_list&quot;:[],&quot;_ob_bbad_use_it&quot;:&quot;yes&quot;,&quot;_ob_bbad_sssic_use&quot;:&quot;no&quot;,&quot;_ob_glider_is_slider&quot;:&quot;no&quot;}\">\n\t\t\t\t\t\t<div class=\"elementor-container elementor-column-gap-default\">\n\t\t\t\t\t<div class=\"elementor-column elementor-col-100 elementor-top-column elementor-element elementor-element-517548e\" data-id=\"517548e\" data-element_type=\"column\" data-e-type=\"column\" data-settings=\"{&quot;_ob_bbad_is_stalker&quot;:&quot;no&quot;,&quot;_ob_teleporter_use&quot;:false,&quot;_ob_column_hoveranimator&quot;:&quot;no&quot;,&quot;_ob_column_has_pseudo&quot;:&quot;no&quot;}\">\n\t\t\t<div class=\"elementor-widget-wrap elementor-element-populated\">\n\t\t\t\t\t\t<section class=\"ob-is-breaking-bad ob-bb-inner elementor-section elementor-inner-section elementor-element elementor-element-780d676 elementor-section-boxed elementor-section-height-default elementor-section-height-default\" data-id=\"780d676\" data-element_type=\"section\" data-e-type=\"section\" data-settings=\"{&quot;jet_parallax_layout_list&quot;:[],&quot;_ob_bbad_use_it&quot;:&quot;yes&quot;,&quot;_ob_bbad_sssic_use&quot;:&quot;no&quot;,&quot;_ob_glider_is_slider&quot;:&quot;no&quot;}\">\n\t\t\t\t\t\t<div class=\"elementor-container elementor-column-gap-default\">\n\t\t\t\t\t<div class=\"elementor-column elementor-col-100 elementor-inner-column elementor-element elementor-element-aa66bb0\" data-id=\"aa66bb0\" data-element_type=\"column\" data-e-type=\"column\" data-settings=\"{&quot;_ob_bbad_is_stalker&quot;:&quot;no&quot;,&quot;_ob_teleporter_use&quot;:false,&quot;_ob_column_hoveranimator&quot;:&quot;no&quot;,&quot;_ob_column_has_pseudo&quot;:&quot;no&quot;}\">\n\t\t\t<div class=\"elementor-widget-wrap\">\n\t\t\t\t\t\t\t<\/div>\n\t\t<\/div>\n\t\t\t\t\t<\/div>\n\t\t<\/section>\n\t\t\t\t\t<\/div>\n\t\t<\/div>\n\t\t\t\t\t<\/div>\n\t\t<\/section>\n\t\t\t\t<section class=\"ob-is-breaking-bad elementor-section elementor-top-section elementor-element elementor-element-4a51708 animated-slow elementor-section-boxed elementor-section-height-default elementor-section-height-default elementor-invisible\" data-id=\"4a51708\" data-element_type=\"section\" data-e-type=\"section\" data-settings=\"{&quot;animation&quot;:&quot;fadeIn&quot;,&quot;jet_parallax_layout_list&quot;:[],&quot;_ob_bbad_use_it&quot;:&quot;yes&quot;,&quot;_ob_bbad_sssic_use&quot;:&quot;no&quot;,&quot;_ob_glider_is_slider&quot;:&quot;no&quot;}\">\n\t\t\t\t\t\t<div class=\"elementor-container elementor-column-gap-default\">\n\t\t\t\t\t<div class=\"elementor-column elementor-col-100 elementor-top-column elementor-element elementor-element-92af6df\" data-id=\"92af6df\" data-element_type=\"column\" data-e-type=\"column\" data-settings=\"{&quot;_ob_bbad_is_stalker&quot;:&quot;no&quot;,&quot;_ob_teleporter_use&quot;:false,&quot;_ob_column_hoveranimator&quot;:&quot;no&quot;,&quot;_ob_column_has_pseudo&quot;:&quot;no&quot;}\">\n\t\t\t<div class=\"elementor-widget-wrap elementor-element-populated\">\n\t\t\t\t\t\t<div class=\"elementor-element elementor-element-1291ed9 elementor-widget__width-auto elementor-view-default ob-has-background-overlay elementor-widget elementor-widget-icon\" data-id=\"1291ed9\" data-element_type=\"widget\" data-e-type=\"widget\" data-settings=\"{&quot;_ob_perspektive_use&quot;:&quot;no&quot;,&quot;_ob_poopart_use&quot;:&quot;yes&quot;,&quot;_ob_shadough_use&quot;:&quot;no&quot;,&quot;_ob_allow_hoveranimator&quot;:&quot;no&quot;,&quot;_ob_widget_stalker_use&quot;:&quot;no&quot;}\" data-widget_type=\"icon.default\">\n\t\t\t\t<div class=\"elementor-widget-container\">\n\t\t\t\t\t\t\t<div class=\"elementor-icon-wrapper\">\n\t\t\t<div class=\"elementor-icon\">\n\t\t\t<i aria-hidden=\"true\" class=\"fas fa-angle-right\"><\/i>\t\t\t<\/div>\n\t\t<\/div>\n\t\t\t\t\t\t<\/div>\n\t\t\t\t<\/div>\n\t\t\t\t<div class=\"elementor-element elementor-element-82e9940 elementor-widget__width-auto ob-harakiri-inherit ob-has-background-overlay elementor-widget elementor-widget-heading\" data-id=\"82e9940\" data-element_type=\"widget\" data-e-type=\"widget\" data-settings=\"{&quot;_ob_use_harakiri&quot;:&quot;yes&quot;,&quot;_ob_harakiri_writing_mode&quot;:&quot;inherit&quot;,&quot;_ob_harakiri_text_clip&quot;:&quot;none&quot;,&quot;_ob_perspektive_use&quot;:&quot;no&quot;,&quot;_ob_poopart_use&quot;:&quot;yes&quot;,&quot;_ob_shadough_use&quot;:&quot;no&quot;,&quot;_ob_allow_hoveranimator&quot;:&quot;no&quot;,&quot;_ob_widget_stalker_use&quot;:&quot;no&quot;}\" data-widget_type=\"heading.default\">\n\t\t\t\t<div class=\"elementor-widget-container\">\n\t\t\t\t\t<h2 class=\"elementor-heading-title elementor-size-default\">Photo album<\/h2>\t\t\t\t<\/div>\n\t\t\t\t<\/div>\n\t\t\t\t<div class=\"elementor-element elementor-element-a7d1d51 ob-harakiri-inherit ob-has-background-overlay elementor-widget elementor-widget-text-editor\" data-id=\"a7d1d51\" data-element_type=\"widget\" data-e-type=\"widget\" data-settings=\"{&quot;_ob_use_harakiri&quot;:&quot;yes&quot;,&quot;_ob_harakiri_writing_mode&quot;:&quot;inherit&quot;,&quot;_ob_postman_use&quot;:&quot;no&quot;,&quot;_ob_perspektive_use&quot;:&quot;no&quot;,&quot;_ob_poopart_use&quot;:&quot;yes&quot;,&quot;_ob_shadough_use&quot;:&quot;no&quot;,&quot;_ob_allow_hoveranimator&quot;:&quot;no&quot;,&quot;_ob_widget_stalker_use&quot;:&quot;no&quot;}\" data-widget_type=\"text-editor.default\">\n\t\t\t\t<div class=\"elementor-widget-container\">\n\t\t\t\t\t\t\t\t\t<p>Whether you are passionate about music, stage performance or simply curious to discover behind the scenes, these images will transport you to the heart of our musical adventure.<\/p><p>We have transformed our songs into images to share with you the energy and passion that drives every rehearsal and every performance.<\/p><p><strong>You can click on each image to view it in full screen mode.<\/strong><\/p>\t\t\t\t\t\t\t\t<\/div>\n\t\t\t\t<\/div>\n\t\t\t\t<div class=\"elementor-element elementor-element-cd1428b ob-has-background-overlay elementor-widget elementor-widget-gallery\" data-id=\"cd1428b\" data-element_type=\"widget\" data-e-type=\"widget\" data-settings=\"{&quot;gallery_layout&quot;:&quot;masonry&quot;,&quot;columns&quot;:2,&quot;lazyload&quot;:&quot;yes&quot;,&quot;columns_tablet&quot;:2,&quot;columns_mobile&quot;:1,&quot;gap&quot;:{&quot;unit&quot;:&quot;px&quot;,&quot;size&quot;:10,&quot;sizes&quot;:[]},&quot;gap_tablet&quot;:{&quot;unit&quot;:&quot;px&quot;,&quot;size&quot;:10,&quot;sizes&quot;:[]},&quot;gap_mobile&quot;:{&quot;unit&quot;:&quot;px&quot;,&quot;size&quot;:10,&quot;sizes&quot;:[]},&quot;link_to&quot;:&quot;file&quot;,&quot;_ob_perspektive_use&quot;:&quot;no&quot;,&quot;_ob_poopart_use&quot;:&quot;yes&quot;,&quot;_ob_shadough_use&quot;:&quot;no&quot;,&quot;_ob_allow_hoveranimator&quot;:&quot;no&quot;,&quot;_ob_widget_stalker_use&quot;:&quot;no&quot;}\" data-widget_type=\"gallery.default\">\n\t\t\t\t<div class=\"elementor-widget-container\">\n\t\t\t\t\t\t\t<div class=\"elementor-gallery__container\">\n\t\t\t\t\t\t\t<a class=\"e-gallery-item elementor-gallery-item\" href=\"https:\/\/lesvoixdacadie.com\/wp-content\/uploads\/2023\/08\/img5-e1693414936487.jpg\" data-elementor-open-lightbox=\"yes\" data-elementor-lightbox-slideshow=\"cd1428b\" data-e-action-hash=\"#elementor-action%3Aaction%3Dlightbox%26settings%3DeyJpZCI6MTM1NywidXJsIjoiaHR0cHM6XC9cL2xlc3ZvaXhkYWNhZGllLmNvbVwvd3AtY29udGVudFwvdXBsb2Fkc1wvMjAyM1wvMDhcL2ltZzUtZTE2OTM0MTQ5MzY0ODcuanBnIiwic2xpZGVzaG93IjoiY2QxNDI4YiJ9\">\n\t\t\t\t\t<div class=\"e-gallery-image elementor-gallery-item__image\" data-thumbnail=\"https:\/\/lesvoixdacadie.com\/wp-content\/uploads\/2023\/08\/img5-e1693414936487-1024x653.jpg\" data-width=\"800\" data-height=\"510\" aria-label=\"Album souvenir des Voix d\u2019Acadie fait pour le 40e de la chorale - Marie-France Breton Conceptrice de l\u2019album\" role=\"img\" ><\/div>\n\t\t\t\t\t\t\t\t\t\t\t\t\t\t<\/a>\n\t\t\t\t\t\t\t<a class=\"e-gallery-item elementor-gallery-item\" href=\"https:\/\/lesvoixdacadie.com\/wp-content\/uploads\/2023\/08\/img15.jpg\" data-elementor-open-lightbox=\"yes\" data-elementor-lightbox-slideshow=\"cd1428b\" data-e-action-hash=\"#elementor-action%3Aaction%3Dlightbox%26settings%3DeyJpZCI6MTM1OSwidXJsIjoiaHR0cHM6XC9cL2xlc3ZvaXhkYWNhZGllLmNvbVwvd3AtY29udGVudFwvdXBsb2Fkc1wvMjAyM1wvMDhcL2ltZzE1LmpwZyIsInNsaWRlc2hvdyI6ImNkMTQyOGIifQ%3D%3D\">\n\t\t\t\t\t<div class=\"e-gallery-image elementor-gallery-item__image\" data-thumbnail=\"https:\/\/lesvoixdacadie.com\/wp-content\/uploads\/2023\/08\/img15-791x1024.jpg\" data-width=\"791\" data-height=\"1024\" aria-label=\"Album souvenir des Voix d\u2019Acadie fait pour le 40e de la chorale - Marie-France Breton Conceptrice de l\u2019album\" role=\"img\" ><\/div>\n\t\t\t\t\t\t\t\t\t\t\t\t\t\t<\/a>\n\t\t\t\t\t\t\t<a class=\"e-gallery-item elementor-gallery-item\" href=\"https:\/\/lesvoixdacadie.com\/wp-content\/uploads\/2023\/08\/img12.jpg\" data-elementor-open-lightbox=\"yes\" data-elementor-lightbox-slideshow=\"cd1428b\" data-e-action-hash=\"#elementor-action%3Aaction%3Dlightbox%26settings%3DeyJpZCI6MTM1OCwidXJsIjoiaHR0cHM6XC9cL2xlc3ZvaXhkYWNhZGllLmNvbVwvd3AtY29udGVudFwvdXBsb2Fkc1wvMjAyM1wvMDhcL2ltZzEyLmpwZyIsInNsaWRlc2hvdyI6ImNkMTQyOGIifQ%3D%3D\">\n\t\t\t\t\t<div class=\"e-gallery-image elementor-gallery-item__image\" data-thumbnail=\"https:\/\/lesvoixdacadie.com\/wp-content\/uploads\/2023\/08\/img12-791x1024.jpg\" data-width=\"791\" data-height=\"1024\" aria-label=\"Album souvenir des Voix d\u2019Acadie fait pour le 40e de la chorale - Marie-France Breton Conceptrice de l\u2019album\" role=\"img\" ><\/div>\n\t\t\t\t\t\t\t\t\t\t\t\t\t\t<\/a>\n\t\t\t\t\t\t\t<a class=\"e-gallery-item elementor-gallery-item\" href=\"https:\/\/lesvoixdacadie.com\/wp-content\/uploads\/2023\/08\/img18.jpg\" data-elementor-open-lightbox=\"yes\" data-elementor-lightbox-slideshow=\"cd1428b\" data-e-action-hash=\"#elementor-action%3Aaction%3Dlightbox%26settings%3DeyJpZCI6MTM2MCwidXJsIjoiaHR0cHM6XC9cL2xlc3ZvaXhkYWNhZGllLmNvbVwvd3AtY29udGVudFwvdXBsb2Fkc1wvMjAyM1wvMDhcL2ltZzE4LmpwZyIsInNsaWRlc2hvdyI6ImNkMTQyOGIifQ%3D%3D\">\n\t\t\t\t\t<div class=\"e-gallery-image elementor-gallery-item__image\" data-thumbnail=\"https:\/\/lesvoixdacadie.com\/wp-content\/uploads\/2023\/08\/img18-791x1024.jpg\" data-width=\"791\" data-height=\"1024\" aria-label=\"Album souvenir des Voix d\u2019Acadie fait pour le 40e de la chorale - Marie-France Breton Conceptrice de l\u2019album\" role=\"img\" ><\/div>\n\t\t\t\t\t\t\t\t\t\t\t\t\t\t<\/a>\n\t\t\t\t\t\t\t<a class=\"e-gallery-item elementor-gallery-item\" href=\"https:\/\/lesvoixdacadie.com\/wp-content\/uploads\/2023\/08\/img24.jpg\" data-elementor-open-lightbox=\"yes\" data-elementor-lightbox-slideshow=\"cd1428b\" data-e-action-hash=\"#elementor-action%3Aaction%3Dlightbox%26settings%3DeyJpZCI6MTM2MiwidXJsIjoiaHR0cHM6XC9cL2xlc3ZvaXhkYWNhZGllLmNvbVwvd3AtY29udGVudFwvdXBsb2Fkc1wvMjAyM1wvMDhcL2ltZzI0LmpwZyIsInNsaWRlc2hvdyI6ImNkMTQyOGIifQ%3D%3D\">\n\t\t\t\t\t<div class=\"e-gallery-image elementor-gallery-item__image\" data-thumbnail=\"https:\/\/lesvoixdacadie.com\/wp-content\/uploads\/2023\/08\/img24-791x1024.jpg\" data-width=\"791\" data-height=\"1024\" aria-label=\"Album souvenir des Voix d\u2019Acadie fait pour le 40e de la chorale - Marie-France Breton Conceptrice de l\u2019album\" role=\"img\" ><\/div>\n\t\t\t\t\t\t\t\t\t\t\t\t\t\t<\/a>\n\t\t\t\t\t\t\t<a class=\"e-gallery-item elementor-gallery-item\" href=\"https:\/\/lesvoixdacadie.com\/wp-content\/uploads\/2023\/08\/img21.jpg\" data-elementor-open-lightbox=\"yes\" data-elementor-lightbox-slideshow=\"cd1428b\" data-e-action-hash=\"#elementor-action%3Aaction%3Dlightbox%26settings%3DeyJpZCI6MTM2MSwidXJsIjoiaHR0cHM6XC9cL2xlc3ZvaXhkYWNhZGllLmNvbVwvd3AtY29udGVudFwvdXBsb2Fkc1wvMjAyM1wvMDhcL2ltZzIxLmpwZyIsInNsaWRlc2hvdyI6ImNkMTQyOGIifQ%3D%3D\">\n\t\t\t\t\t<div class=\"e-gallery-image elementor-gallery-item__image\" data-thumbnail=\"https:\/\/lesvoixdacadie.com\/wp-content\/uploads\/2023\/08\/img21-791x1024.jpg\" data-width=\"791\" data-height=\"1024\" aria-label=\"Album souvenir des Voix d\u2019Acadie fait pour le 40e de la chorale - Marie-France Breton Conceptrice de l\u2019album\" role=\"img\" ><\/div>\n\t\t\t\t\t\t\t\t\t\t\t\t\t\t<\/a>\n\t\t\t\t\t\t\t<a class=\"e-gallery-item elementor-gallery-item\" href=\"https:\/\/lesvoixdacadie.com\/wp-content\/uploads\/2023\/08\/img30.jpg\" data-elementor-open-lightbox=\"yes\" data-elementor-lightbox-slideshow=\"cd1428b\" data-e-action-hash=\"#elementor-action%3Aaction%3Dlightbox%26settings%3DeyJpZCI6MTM2NCwidXJsIjoiaHR0cHM6XC9cL2xlc3ZvaXhkYWNhZGllLmNvbVwvd3AtY29udGVudFwvdXBsb2Fkc1wvMjAyM1wvMDhcL2ltZzMwLmpwZyIsInNsaWRlc2hvdyI6ImNkMTQyOGIifQ%3D%3D\">\n\t\t\t\t\t<div class=\"e-gallery-image elementor-gallery-item__image\" data-thumbnail=\"https:\/\/lesvoixdacadie.com\/wp-content\/uploads\/2023\/08\/img30-791x1024.jpg\" data-width=\"791\" data-height=\"1024\" aria-label=\"Album souvenir des Voix d\u2019Acadie fait pour le 40e de la chorale - Marie-France Breton Conceptrice de l\u2019album\" role=\"img\" ><\/div>\n\t\t\t\t\t\t\t\t\t\t\t\t\t\t<\/a>\n\t\t\t\t\t\t\t<a class=\"e-gallery-item elementor-gallery-item\" href=\"https:\/\/lesvoixdacadie.com\/wp-content\/uploads\/2023\/08\/img27.jpg\" data-elementor-open-lightbox=\"yes\" data-elementor-lightbox-slideshow=\"cd1428b\" data-e-action-hash=\"#elementor-action%3Aaction%3Dlightbox%26settings%3DeyJpZCI6MTM2MywidXJsIjoiaHR0cHM6XC9cL2xlc3ZvaXhkYWNhZGllLmNvbVwvd3AtY29udGVudFwvdXBsb2Fkc1wvMjAyM1wvMDhcL2ltZzI3LmpwZyIsInNsaWRlc2hvdyI6ImNkMTQyOGIifQ%3D%3D\">\n\t\t\t\t\t<div class=\"e-gallery-image elementor-gallery-item__image\" data-thumbnail=\"https:\/\/lesvoixdacadie.com\/wp-content\/uploads\/2023\/08\/img27-791x1024.jpg\" data-width=\"791\" data-height=\"1024\" aria-label=\"Album souvenir des Voix d\u2019Acadie fait pour le 40e de la chorale - Marie-France Breton Conceptrice de l\u2019album\" role=\"img\" ><\/div>\n\t\t\t\t\t\t\t\t\t\t\t\t\t\t<\/a>\n\t\t\t\t\t\t\t<a class=\"e-gallery-item elementor-gallery-item\" href=\"https:\/\/lesvoixdacadie.com\/wp-content\/uploads\/2023\/08\/img33.jpg\" data-elementor-open-lightbox=\"yes\" data-elementor-lightbox-slideshow=\"cd1428b\" data-e-action-hash=\"#elementor-action%3Aaction%3Dlightbox%26settings%3DeyJpZCI6MTM2NSwidXJsIjoiaHR0cHM6XC9cL2xlc3ZvaXhkYWNhZGllLmNvbVwvd3AtY29udGVudFwvdXBsb2Fkc1wvMjAyM1wvMDhcL2ltZzMzLmpwZyIsInNsaWRlc2hvdyI6ImNkMTQyOGIifQ%3D%3D\">\n\t\t\t\t\t<div class=\"e-gallery-image elementor-gallery-item__image\" data-thumbnail=\"https:\/\/lesvoixdacadie.com\/wp-content\/uploads\/2023\/08\/img33-791x1024.jpg\" data-width=\"791\" data-height=\"1024\" aria-label=\"Album souvenir des Voix d\u2019Acadie fait pour le 40e de la chorale - Marie-France Breton Conceptrice de l\u2019album\" role=\"img\" ><\/div>\n\t\t\t\t\t\t\t\t\t\t\t\t\t\t<\/a>\n\t\t\t\t\t\t\t<a class=\"e-gallery-item elementor-gallery-item\" href=\"https:\/\/lesvoixdacadie.com\/wp-content\/uploads\/2023\/08\/img39.jpg\" data-elementor-open-lightbox=\"yes\" data-elementor-lightbox-slideshow=\"cd1428b\" data-e-action-hash=\"#elementor-action%3Aaction%3Dlightbox%26settings%3DeyJpZCI6MTM2NywidXJsIjoiaHR0cHM6XC9cL2xlc3ZvaXhkYWNhZGllLmNvbVwvd3AtY29udGVudFwvdXBsb2Fkc1wvMjAyM1wvMDhcL2ltZzM5LmpwZyIsInNsaWRlc2hvdyI6ImNkMTQyOGIifQ%3D%3D\">\n\t\t\t\t\t<div class=\"e-gallery-image elementor-gallery-item__image\" data-thumbnail=\"https:\/\/lesvoixdacadie.com\/wp-content\/uploads\/2023\/08\/img39-791x1024.jpg\" data-width=\"791\" data-height=\"1024\" aria-label=\"Album souvenir des Voix d\u2019Acadie fait pour le 40e de la chorale - Marie-France Breton Conceptrice de l\u2019album\" role=\"img\" ><\/div>\n\t\t\t\t\t\t\t\t\t\t\t\t\t\t<\/a>\n\t\t\t\t\t\t\t<a class=\"e-gallery-item elementor-gallery-item\" href=\"https:\/\/lesvoixdacadie.com\/wp-content\/uploads\/2023\/08\/img36.jpg\" data-elementor-open-lightbox=\"yes\" data-elementor-lightbox-slideshow=\"cd1428b\" data-e-action-hash=\"#elementor-action%3Aaction%3Dlightbox%26settings%3DeyJpZCI6MTM2NiwidXJsIjoiaHR0cHM6XC9cL2xlc3ZvaXhkYWNhZGllLmNvbVwvd3AtY29udGVudFwvdXBsb2Fkc1wvMjAyM1wvMDhcL2ltZzM2LmpwZyIsInNsaWRlc2hvdyI6ImNkMTQyOGIifQ%3D%3D\">\n\t\t\t\t\t<div class=\"e-gallery-image elementor-gallery-item__image\" data-thumbnail=\"https:\/\/lesvoixdacadie.com\/wp-content\/uploads\/2023\/08\/img36-791x1024.jpg\" data-width=\"791\" data-height=\"1024\" aria-label=\"Album souvenir des Voix d\u2019Acadie fait pour le 40e de la chorale - Marie-France Breton Conceptrice de l\u2019album\" role=\"img\" ><\/div>\n\t\t\t\t\t\t\t\t\t\t\t\t\t\t<\/a>\n\t\t\t\t\t\t\t<a class=\"e-gallery-item elementor-gallery-item\" href=\"https:\/\/lesvoixdacadie.com\/wp-content\/uploads\/2023\/08\/img42.jpg\" data-elementor-open-lightbox=\"yes\" data-elementor-lightbox-slideshow=\"cd1428b\" data-e-action-hash=\"#elementor-action%3Aaction%3Dlightbox%26settings%3DeyJpZCI6MTM2OCwidXJsIjoiaHR0cHM6XC9cL2xlc3ZvaXhkYWNhZGllLmNvbVwvd3AtY29udGVudFwvdXBsb2Fkc1wvMjAyM1wvMDhcL2ltZzQyLmpwZyIsInNsaWRlc2hvdyI6ImNkMTQyOGIifQ%3D%3D\">\n\t\t\t\t\t<div class=\"e-gallery-image elementor-gallery-item__image\" data-thumbnail=\"https:\/\/lesvoixdacadie.com\/wp-content\/uploads\/2023\/08\/img42-791x1024.jpg\" data-width=\"791\" data-height=\"1024\" aria-label=\"Album souvenir des Voix d\u2019Acadie fait pour le 40e de la chorale - Marie-France Breton Conceptrice de l\u2019album\" role=\"img\" ><\/div>\n\t\t\t\t\t\t\t\t\t\t\t\t\t\t<\/a>\n\t\t\t\t\t\t\t<a class=\"e-gallery-item elementor-gallery-item\" href=\"https:\/\/lesvoixdacadie.com\/wp-content\/uploads\/2023\/08\/img45.jpg\" data-elementor-open-lightbox=\"yes\" data-elementor-lightbox-slideshow=\"cd1428b\" data-e-action-hash=\"#elementor-action%3Aaction%3Dlightbox%26settings%3DeyJpZCI6MTM2OSwidXJsIjoiaHR0cHM6XC9cL2xlc3ZvaXhkYWNhZGllLmNvbVwvd3AtY29udGVudFwvdXBsb2Fkc1wvMjAyM1wvMDhcL2ltZzQ1LmpwZyIsInNsaWRlc2hvdyI6ImNkMTQyOGIifQ%3D%3D\">\n\t\t\t\t\t<div class=\"e-gallery-image elementor-gallery-item__image\" data-thumbnail=\"https:\/\/lesvoixdacadie.com\/wp-content\/uploads\/2023\/08\/img45-791x1024.jpg\" data-width=\"791\" data-height=\"1024\" aria-label=\"Album souvenir des Voix d\u2019Acadie fait pour le 40e de la chorale - Marie-France Breton Conceptrice de l\u2019album\" role=\"img\" ><\/div>\n\t\t\t\t\t\t\t\t\t\t\t\t\t\t<\/a>\n\t\t\t\t\t\t\t<a class=\"e-gallery-item elementor-gallery-item\" href=\"https:\/\/lesvoixdacadie.com\/wp-content\/uploads\/2023\/08\/img48.jpg\" data-elementor-open-lightbox=\"yes\" data-elementor-lightbox-slideshow=\"cd1428b\" data-e-action-hash=\"#elementor-action%3Aaction%3Dlightbox%26settings%3DeyJpZCI6MTM3MCwidXJsIjoiaHR0cHM6XC9cL2xlc3ZvaXhkYWNhZGllLmNvbVwvd3AtY29udGVudFwvdXBsb2Fkc1wvMjAyM1wvMDhcL2ltZzQ4LmpwZyIsInNsaWRlc2hvdyI6ImNkMTQyOGIifQ%3D%3D\">\n\t\t\t\t\t<div class=\"e-gallery-image elementor-gallery-item__image\" data-thumbnail=\"https:\/\/lesvoixdacadie.com\/wp-content\/uploads\/2023\/08\/img48-791x1024.jpg\" data-width=\"791\" data-height=\"1024\" aria-label=\"Album souvenir des Voix d\u2019Acadie fait pour le 40e de la chorale - Marie-France Breton Conceptrice de l\u2019album\" role=\"img\" ><\/div>\n\t\t\t\t\t\t\t\t\t\t\t\t\t\t<\/a>\n\t\t\t\t\t\t\t<a class=\"e-gallery-item elementor-gallery-item\" href=\"https:\/\/lesvoixdacadie.com\/wp-content\/uploads\/2023\/08\/img54.jpg\" data-elementor-open-lightbox=\"yes\" data-elementor-lightbox-slideshow=\"cd1428b\" data-e-action-hash=\"#elementor-action%3Aaction%3Dlightbox%26settings%3DeyJpZCI6MTM3MiwidXJsIjoiaHR0cHM6XC9cL2xlc3ZvaXhkYWNhZGllLmNvbVwvd3AtY29udGVudFwvdXBsb2Fkc1wvMjAyM1wvMDhcL2ltZzU0LmpwZyIsInNsaWRlc2hvdyI6ImNkMTQyOGIifQ%3D%3D\">\n\t\t\t\t\t<div class=\"e-gallery-image elementor-gallery-item__image\" data-thumbnail=\"https:\/\/lesvoixdacadie.com\/wp-content\/uploads\/2023\/08\/img54-791x1024.jpg\" data-width=\"791\" data-height=\"1024\" aria-label=\"Album souvenir des Voix d\u2019Acadie fait pour le 40e de la chorale - Marie-France Breton Conceptrice de l\u2019album\" role=\"img\" ><\/div>\n\t\t\t\t\t\t\t\t\t\t\t\t\t\t<\/a>\n\t\t\t\t\t\t\t<a class=\"e-gallery-item elementor-gallery-item\" href=\"https:\/\/lesvoixdacadie.com\/wp-content\/uploads\/2023\/08\/img51.jpg\" data-elementor-open-lightbox=\"yes\" data-elementor-lightbox-slideshow=\"cd1428b\" data-e-action-hash=\"#elementor-action%3Aaction%3Dlightbox%26settings%3DeyJpZCI6MTM3MSwidXJsIjoiaHR0cHM6XC9cL2xlc3ZvaXhkYWNhZGllLmNvbVwvd3AtY29udGVudFwvdXBsb2Fkc1wvMjAyM1wvMDhcL2ltZzUxLmpwZyIsInNsaWRlc2hvdyI6ImNkMTQyOGIifQ%3D%3D\">\n\t\t\t\t\t<div class=\"e-gallery-image elementor-gallery-item__image\" data-thumbnail=\"https:\/\/lesvoixdacadie.com\/wp-content\/uploads\/2023\/08\/img51-791x1024.jpg\" data-width=\"791\" data-height=\"1024\" aria-label=\"Album souvenir des Voix d\u2019Acadie fait pour le 40e de la chorale - Marie-France Breton Conceptrice de l\u2019album\" role=\"img\" ><\/div>\n\t\t\t\t\t\t\t\t\t\t\t\t\t\t<\/a>\n\t\t\t\t\t\t\t<a class=\"e-gallery-item elementor-gallery-item\" href=\"https:\/\/lesvoixdacadie.com\/wp-content\/uploads\/2023\/08\/img57.jpg\" data-elementor-open-lightbox=\"yes\" data-elementor-lightbox-slideshow=\"cd1428b\" data-e-action-hash=\"#elementor-action%3Aaction%3Dlightbox%26settings%3DeyJpZCI6MTM3MywidXJsIjoiaHR0cHM6XC9cL2xlc3ZvaXhkYWNhZGllLmNvbVwvd3AtY29udGVudFwvdXBsb2Fkc1wvMjAyM1wvMDhcL2ltZzU3LmpwZyIsInNsaWRlc2hvdyI6ImNkMTQyOGIifQ%3D%3D\">\n\t\t\t\t\t<div class=\"e-gallery-image elementor-gallery-item__image\" data-thumbnail=\"https:\/\/lesvoixdacadie.com\/wp-content\/uploads\/2023\/08\/img57-791x1024.jpg\" data-width=\"791\" data-height=\"1024\" aria-label=\"Album souvenir des Voix d\u2019Acadie fait pour le 40e de la chorale - Marie-France Breton Conceptrice de l\u2019album\" role=\"img\" ><\/div>\n\t\t\t\t\t\t\t\t\t\t\t\t\t\t<\/a>\n\t\t\t\t\t\t\t<a class=\"e-gallery-item elementor-gallery-item\" href=\"https:\/\/lesvoixdacadie.com\/wp-content\/uploads\/2023\/08\/img63.jpg\" data-elementor-open-lightbox=\"yes\" data-elementor-lightbox-slideshow=\"cd1428b\" data-e-action-hash=\"#elementor-action%3Aaction%3Dlightbox%26settings%3DeyJpZCI6MTM3NSwidXJsIjoiaHR0cHM6XC9cL2xlc3ZvaXhkYWNhZGllLmNvbVwvd3AtY29udGVudFwvdXBsb2Fkc1wvMjAyM1wvMDhcL2ltZzYzLmpwZyIsInNsaWRlc2hvdyI6ImNkMTQyOGIifQ%3D%3D\">\n\t\t\t\t\t<div class=\"e-gallery-image elementor-gallery-item__image\" data-thumbnail=\"https:\/\/lesvoixdacadie.com\/wp-content\/uploads\/2023\/08\/img63-791x1024.jpg\" data-width=\"791\" data-height=\"1024\" aria-label=\"Album souvenir des Voix d\u2019Acadie fait pour le 40e de la chorale - Marie-France Breton Conceptrice de l\u2019album\" role=\"img\" ><\/div>\n\t\t\t\t\t\t\t\t\t\t\t\t\t\t<\/a>\n\t\t\t\t\t\t\t<a class=\"e-gallery-item elementor-gallery-item\" href=\"https:\/\/lesvoixdacadie.com\/wp-content\/uploads\/2023\/08\/img60.jpg\" data-elementor-open-lightbox=\"yes\" data-elementor-lightbox-slideshow=\"cd1428b\" data-e-action-hash=\"#elementor-action%3Aaction%3Dlightbox%26settings%3DeyJpZCI6MTM3NCwidXJsIjoiaHR0cHM6XC9cL2xlc3ZvaXhkYWNhZGllLmNvbVwvd3AtY29udGVudFwvdXBsb2Fkc1wvMjAyM1wvMDhcL2ltZzYwLmpwZyIsInNsaWRlc2hvdyI6ImNkMTQyOGIifQ%3D%3D\">\n\t\t\t\t\t<div class=\"e-gallery-image elementor-gallery-item__image\" data-thumbnail=\"https:\/\/lesvoixdacadie.com\/wp-content\/uploads\/2023\/08\/img60-791x1024.jpg\" data-width=\"791\" data-height=\"1024\" aria-label=\"Album souvenir des Voix d\u2019Acadie fait pour le 40e de la chorale - Marie-France Breton Conceptrice de l\u2019album\" role=\"img\" ><\/div>\n\t\t\t\t\t\t\t\t\t\t\t\t\t\t<\/a>\n\t\t\t\t\t\t\t<a class=\"e-gallery-item elementor-gallery-item\" href=\"https:\/\/lesvoixdacadie.com\/wp-content\/uploads\/2023\/08\/img69.jpg\" data-elementor-open-lightbox=\"yes\" data-elementor-lightbox-slideshow=\"cd1428b\" data-e-action-hash=\"#elementor-action%3Aaction%3Dlightbox%26settings%3DeyJpZCI6MTM3NywidXJsIjoiaHR0cHM6XC9cL2xlc3ZvaXhkYWNhZGllLmNvbVwvd3AtY29udGVudFwvdXBsb2Fkc1wvMjAyM1wvMDhcL2ltZzY5LmpwZyIsInNsaWRlc2hvdyI6ImNkMTQyOGIifQ%3D%3D\">\n\t\t\t\t\t<div class=\"e-gallery-image elementor-gallery-item__image\" data-thumbnail=\"https:\/\/lesvoixdacadie.com\/wp-content\/uploads\/2023\/08\/img69-791x1024.jpg\" data-width=\"791\" data-height=\"1024\" aria-label=\"Album souvenir des Voix d\u2019Acadie fait pour le 40e de la chorale - Marie-France Breton Conceptrice de l\u2019album\" role=\"img\" ><\/div>\n\t\t\t\t\t\t\t\t\t\t\t\t\t\t<\/a>\n\t\t\t\t\t\t\t<a class=\"e-gallery-item elementor-gallery-item\" href=\"https:\/\/lesvoixdacadie.com\/wp-content\/uploads\/2023\/08\/img66.jpg\" data-elementor-open-lightbox=\"yes\" data-elementor-lightbox-slideshow=\"cd1428b\" data-e-action-hash=\"#elementor-action%3Aaction%3Dlightbox%26settings%3DeyJpZCI6MTM3NiwidXJsIjoiaHR0cHM6XC9cL2xlc3ZvaXhkYWNhZGllLmNvbVwvd3AtY29udGVudFwvdXBsb2Fkc1wvMjAyM1wvMDhcL2ltZzY2LmpwZyIsInNsaWRlc2hvdyI6ImNkMTQyOGIifQ%3D%3D\">\n\t\t\t\t\t<div class=\"e-gallery-image elementor-gallery-item__image\" data-thumbnail=\"https:\/\/lesvoixdacadie.com\/wp-content\/uploads\/2023\/08\/img66-791x1024.jpg\" data-width=\"791\" data-height=\"1024\" aria-label=\"Album souvenir des Voix d\u2019Acadie fait pour le 40e de la chorale - Marie-France Breton Conceptrice de l\u2019album\" role=\"img\" ><\/div>\n\t\t\t\t\t\t\t\t\t\t\t\t\t\t<\/a>\n\t\t\t\t\t\t\t<a class=\"e-gallery-item elementor-gallery-item\" href=\"https:\/\/lesvoixdacadie.com\/wp-content\/uploads\/2023\/08\/img72.jpg\" data-elementor-open-lightbox=\"yes\" data-elementor-lightbox-slideshow=\"cd1428b\" data-e-action-hash=\"#elementor-action%3Aaction%3Dlightbox%26settings%3DeyJpZCI6MTM3OCwidXJsIjoiaHR0cHM6XC9cL2xlc3ZvaXhkYWNhZGllLmNvbVwvd3AtY29udGVudFwvdXBsb2Fkc1wvMjAyM1wvMDhcL2ltZzcyLmpwZyIsInNsaWRlc2hvdyI6ImNkMTQyOGIifQ%3D%3D\">\n\t\t\t\t\t<div class=\"e-gallery-image elementor-gallery-item__image\" data-thumbnail=\"https:\/\/lesvoixdacadie.com\/wp-content\/uploads\/2023\/08\/img72-791x1024.jpg\" data-width=\"791\" data-height=\"1024\" aria-label=\"Album souvenir des Voix d\u2019Acadie fait pour le 40e de la chorale - Marie-France Breton Conceptrice de l\u2019album\" role=\"img\" ><\/div>\n\t\t\t\t\t\t\t\t\t\t\t\t\t\t<\/a>\n\t\t\t\t\t\t\t<a class=\"e-gallery-item elementor-gallery-item\" href=\"https:\/\/lesvoixdacadie.com\/wp-content\/uploads\/2023\/08\/img75.jpg\" data-elementor-open-lightbox=\"yes\" data-elementor-lightbox-slideshow=\"cd1428b\" data-e-action-hash=\"#elementor-action%3Aaction%3Dlightbox%26settings%3DeyJpZCI6MTM3OSwidXJsIjoiaHR0cHM6XC9cL2xlc3ZvaXhkYWNhZGllLmNvbVwvd3AtY29udGVudFwvdXBsb2Fkc1wvMjAyM1wvMDhcL2ltZzc1LmpwZyIsInNsaWRlc2hvdyI6ImNkMTQyOGIifQ%3D%3D\">\n\t\t\t\t\t<div class=\"e-gallery-image elementor-gallery-item__image\" data-thumbnail=\"https:\/\/lesvoixdacadie.com\/wp-content\/uploads\/2023\/08\/img75-791x1024.jpg\" data-width=\"791\" data-height=\"1024\" aria-label=\"Album souvenir des Voix d\u2019Acadie fait pour le 40e de la chorale - Marie-France Breton Conceptrice de l\u2019album\" role=\"img\" ><\/div>\n\t\t\t\t\t\t\t\t\t\t\t\t\t\t<\/a>\n\t\t\t\t\t<\/div>\n\t\t\t\t\t<\/div>\n\t\t\t\t<\/div>\n\t\t\t\t\t<\/div>\n\t\t<\/div>\n\t\t\t\t\t<\/div>\n\t\t<\/section>\n\t\t\t\t<\/div>","protected":false},"excerpt":{"rendered":"<p>Album photos Que vous soyez passionn\u00e9 de musique, de performance sc\u00e9nique ou simplement curieux de d\u00e9couvrir l&rsquo;envers du d\u00e9cor, ces images vous transporteront au c\u0153ur de notre aventure musicale. Nous avons transform\u00e9 nos chants en images pour partager avec vous l&rsquo;\u00e9nergie et la passion qui animent chaque r\u00e9p\u00e9tition et chaque repr\u00e9sentation. Vous pouvez cliquer sur [&hellip;]<\/p>\n","protected":false},"author":1,"featured_media":0,"parent":0,"menu_order":0,"comment_status":"closed","ping_status":"closed","template":"","meta":{"footnotes":""},"class_list":["post-1447","page","type-page","status-publish","hentry"],"_links":{"self":[{"href":"https:\/\/lesvoixdacadie.com\/en\/wp-json\/wp\/v2\/pages\/1447","targetHints":{"allow":["GET"]}}],"collection":[{"href":"https:\/\/lesvoixdacadie.com\/en\/wp-json\/wp\/v2\/pages"}],"about":[{"href":"https:\/\/lesvoixdacadie.com\/en\/wp-json\/wp\/v2\/types\/page"}],"author":[{"embeddable":true,"href":"https:\/\/lesvoixdacadie.com\/en\/wp-json\/wp\/v2\/users\/1"}],"replies":[{"embeddable":true,"href":"https:\/\/lesvoixdacadie.com\/en\/wp-json\/wp\/v2\/comments?post=1447"}],"version-history":[{"count":4,"href":"https:\/\/lesvoixdacadie.com\/en\/wp-json\/wp\/v2\/pages\/1447\/revisions"}],"predecessor-version":[{"id":1644,"href":"https:\/\/lesvoixdacadie.com\/en\/wp-json\/wp\/v2\/pages\/1447\/revisions\/1644"}],"wp:attachment":[{"href":"https:\/\/lesvoixdacadie.com\/en\/wp-json\/wp\/v2\/media?parent=1447"}],"curies":[{"name":"wp","href":"https:\/\/api.w.org\/{rel}","templated":true}]}}